{"id":24314,"date":"2026-02-05T16:23:58","date_gmt":"2026-02-05T14:23:58","guid":{"rendered":"https:\/\/www.weingut-steininger.at\/?post_type=product&#038;p=24314"},"modified":"2026-03-06T12:08:21","modified_gmt":"2026-03-06T10:08:21","slug":"gruener-veltliner-kamptal-dac-2025","status":"publish","type":"product","link":"https:\/\/www.weingut-steininger.at\/en\/online-vinothek\/weine\/gruener-veltliner-kamptal-dac-2025\/","title":{"rendered":"Gr\u00fcner Veltliner Kamptal DAC 2025"},"content":{"rendered":"","protected":false},"excerpt":{"rendered":"<p><strong>Weinbeschreibung<\/strong><br \/>\nLeuchtendes Gr\u00fcngelb mit silbrigem Schimmer, feine Kr\u00e4utert\u00f6ne und ein Hauch von Moos in der Nase, am Gaumen frisch und klar mit Rhabarber, gr\u00fcnem Apfel und lebendiger S\u00e4ure \u2013 ein animierender Wein mit Spannung f\u00fcr Fr\u00fchling und Sommer.<\/p>\n<p>&nbsp;<\/p>\n<p><strong>Speisenbegleitung<br \/>\n<\/strong>Perfekt zur kalten Jause mit Aufstrichen, Prosciutto und Frischk\u00e4se, zu Kr\u00e4uterfisch, Zitrus-Salaten oder gr\u00fcnem Spargel mit Parmesan \u2013 ebenso ein feiner Partner f\u00fcr mediterrane Antipasti und leichte Fr\u00fchlingsk\u00fcche.<\/p>\n<p><a href=\"https:\/\/www.vinofact.com\/2\/f\/2025_gruner-veltliner-kamptal-dac\/weingut-steininger_datenblatter\" target=\"_blank\" rel=\"noopener\">Datenblatt<\/a><\/p>\n<p><a href=\"https:\/\/elabel.weingut-steininger.at\/B4295781_GVDAC25I_0,75.html\" target=\"_blank\" rel=\"noopener\">N\u00e4hrwertangabe<\/a><\/p>\n","protected":false},"featured_media":24427,"template":"","meta":{"_acf_changed":false},"product_brand":[],"product_cat":[178],"product_tag":[],"class_list":{"0":"post-24314","1":"product","2":"type-product","3":"status-publish","4":"has-post-thumbnail","6":"product_cat-wein","7":"product_shipping_class-allgemein","8":"pa_alkohol-125-vol","9":"pa_gebinde-075-l","10":"pa_jahrgang-1023","11":"pa_rebsorte-gv","12":"pa_restzucker-32-g-l","13":"pa_saeure-55-g-l","14":"description-off","16":"first","17":"instock","18":"taxable","19":"shipping-taxable","20":"purchasable","21":"product-type-simple"},"bundled_by":["9693","9696"],"bundle_stock_status":"instock","bundle_stock_quantity":null,"bundle_virtual":false,"bundle_layout":"","bundle_add_to_cart_form_location":"","bundle_editable_in_cart":false,"bundle_sold_individually_context":"","bundle_item_grouping":"","bundle_min_size":"","bundle_max_size":"","bundle_price":[],"bundled_items":[],"bundle_sell_ids":[],"acf":[],"_links":{"self":[{"href":"https:\/\/www.weingut-steininger.at\/en\/wp-json\/wp\/v2\/product\/24314","targetHints":{"allow":["GET"]}}],"collection":[{"href":"https:\/\/www.weingut-steininger.at\/en\/wp-json\/wp\/v2\/product"}],"about":[{"href":"https:\/\/www.weingut-steininger.at\/en\/wp-json\/wp\/v2\/types\/product"}],"version-history":[{"count":2,"href":"https:\/\/www.weingut-steininger.at\/en\/wp-json\/wp\/v2\/product\/24314\/revisions"}],"predecessor-version":[{"id":24429,"href":"https:\/\/www.weingut-steininger.at\/en\/wp-json\/wp\/v2\/product\/24314\/revisions\/24429"}],"wp:featuredmedia":[{"embeddable":true,"href":"https:\/\/www.weingut-steininger.at\/en\/wp-json\/wp\/v2\/media\/24427"}],"wp:attachment":[{"href":"https:\/\/www.weingut-steininger.at\/en\/wp-json\/wp\/v2\/media?parent=24314"}],"wp:term":[{"taxonomy":"product_brand","embeddable":true,"href":"https:\/\/www.weingut-steininger.at\/en\/wp-json\/wp\/v2\/product_brand?post=24314"},{"taxonomy":"product_cat","embeddable":true,"href":"https:\/\/www.weingut-steininger.at\/en\/wp-json\/wp\/v2\/product_cat?post=24314"},{"taxonomy":"product_tag","embeddable":true,"href":"https:\/\/www.weingut-steininger.at\/en\/wp-json\/wp\/v2\/product_tag?post=24314"}],"curies":[{"name":"wp","href":"https:\/\/api.w.org\/{rel}","templated":true}]}}