{"id":4690,"date":"2019-12-04T11:30:25","date_gmt":"2019-12-04T09:30:25","guid":{"rendered":"https:\/\/www.weingut-steininger.at\/?post_type=product&#038;p=4690"},"modified":"2025-01-15T12:56:39","modified_gmt":"2025-01-15T10:56:39","slug":"riesling-ried-heiligenstein-sekt-2015-magnum-15-lt","status":"publish","type":"product","link":"https:\/\/www.weingut-steininger.at\/en\/online-vinothek\/weine\/riesling-ried-heiligenstein-sekt-2015-magnum-15-lt\/","title":{"rendered":"Riesling Ried Heiligenstein Gro\u00dfe Reserve Sekt 2015"},"content":{"rendered":"<h1>Weinjahr 2015<\/h1>\n<p>Der Sommer ist gepr\u00e4gt von ungemein hei\u00dfen Temperaturen und Ausbleiben von Niederschl\u00e4gen. Der Herbst wiederum brachte relativ k\u00fchle N\u00e4chte und zahlreiche Sonnentage mit sich. Die Trauben konnten ohne Stress zum gew\u00e4hlten Zeitpunkt gelesen werden, zumal Sch\u00e4dlings- und Pilzbefall weitgehend zum Gl\u00fcck ausblieben, auch die <a href=\"https:\/\/www.oesterreichwein.at\/unser-wein\/weinglossar-von-a-z\/?tx_a21glossary%5Buid%5D=211&amp;cHash=689cc12d8044008bfa5df3d3a89d017a\">Edelf\u00e4ule<\/a> trat nur ganz vereinzelt auf.<\/p>\n","protected":false},"excerpt":{"rendered":"<div class=\"post-content woocommerce-product-details__short-description\">\n<p>Der Heiligenstein z\u00e4hlt f\u00fcr die meisten Weinliebhaber zu den allerbesten Weinbergen Europas. Auf den steilen Terrassen, mehrheitlich W\u00fcstensandstein und Vulkanschiefer, wachsen vor allem Rieslingreben, welche kraftvolle, mineralische Weine mit unglaublichem Lagerpotenzial, pr\u00e4ziser Struktur, erinnernd an wei\u00dfe, oft exotische Fr\u00fcchte, hervorbringen.<\/p>\n<p>Das Wechselspiel zwischen hei\u00dfen Temperaturen am Tag und k\u00fchlen N\u00e4chten verleiht den Trauben eine lebendige S\u00e4ure. Das Mikroklima f\u00f6rdert Aromen, wie sie f\u00fcr die edle Rebsorte Riesling charakteristisch sind. Neben den Rebst\u00f6cken finden sich einzigartige Flora und Fauna.<\/p>\n<p>Der Grundwein wurde ein halbes Jahr im gro\u00dfen Akazienholzfass in seiner Reife gef\u00f6rdert und im Fr\u00fchjahr 2015 in der Flasche zur zweiten G\u00e4rung gebracht. Wir versuchen unsere Sekte so lange wie m\u00f6glich auf der Feinhefe ruhen zu lassen, um ein feines Mousseaux zu erzielen und die einzigartige Eleganz und Mineralik dieser besonderen Riede zu unterstreichen.<\/p>\n<p>Wir glauben, dass wir mit dieser Ausbau- und Sektphilosophie den Lagencharakter am besten widerspiegeln k\u00f6nnen.<\/p>\n<p>Unseren einzigartigen Riesling vom Heiligenstein haben wir zu einem unvergleichbaren, besonderen Sekt weiterveredelt!<\/p>\n<\/div>\n<p>&nbsp;<\/p>\n<p>Preis auf Anfrage: office@weingut-steininger.at<\/p>\n","protected":false},"featured_media":7944,"template":"","meta":{"_acf_changed":false},"product_brand":[],"product_cat":[729,362,303],"product_tag":[],"class_list":{"0":"post-4690","1":"product","2":"type-product","3":"status-publish","4":"has-post-thumbnail","6":"product_cat-altweinkeller","7":"product_cat-gereifte-sekte","8":"product_cat-gereifte-weine-sekte","9":"product_shipping_class-allgemein","10":"pa_alkohol-135-vol-2","11":"pa_gebinde-15-l","12":"pa_rebsorte-riesling","13":"description-off","15":"first","16":"outofstock","17":"taxable","18":"shipping-taxable","19":"product-type-simple"},"bundled_by":[],"bundle_stock_status":"outofstock","bundle_stock_quantity":null,"bundle_virtual":false,"bundle_layout":"","bundle_add_to_cart_form_location":"","bundle_editable_in_cart":false,"bundle_sold_individually_context":"","bundle_item_grouping":"","bundle_min_size":"","bundle_max_size":"","bundle_price":[],"bundled_items":[],"bundle_sell_ids":[],"acf":[],"_links":{"self":[{"href":"https:\/\/www.weingut-steininger.at\/en\/wp-json\/wp\/v2\/product\/4690","targetHints":{"allow":["GET"]}}],"collection":[{"href":"https:\/\/www.weingut-steininger.at\/en\/wp-json\/wp\/v2\/product"}],"about":[{"href":"https:\/\/www.weingut-steininger.at\/en\/wp-json\/wp\/v2\/types\/product"}],"version-history":[{"count":2,"href":"https:\/\/www.weingut-steininger.at\/en\/wp-json\/wp\/v2\/product\/4690\/revisions"}],"predecessor-version":[{"id":18347,"href":"https:\/\/www.weingut-steininger.at\/en\/wp-json\/wp\/v2\/product\/4690\/revisions\/18347"}],"wp:featuredmedia":[{"embeddable":true,"href":"https:\/\/www.weingut-steininger.at\/en\/wp-json\/wp\/v2\/media\/7944"}],"wp:attachment":[{"href":"https:\/\/www.weingut-steininger.at\/en\/wp-json\/wp\/v2\/media?parent=4690"}],"wp:term":[{"taxonomy":"product_brand","embeddable":true,"href":"https:\/\/www.weingut-steininger.at\/en\/wp-json\/wp\/v2\/product_brand?post=4690"},{"taxonomy":"product_cat","embeddable":true,"href":"https:\/\/www.weingut-steininger.at\/en\/wp-json\/wp\/v2\/product_cat?post=4690"},{"taxonomy":"product_tag","embeddable":true,"href":"https:\/\/www.weingut-steininger.at\/en\/wp-json\/wp\/v2\/product_tag?post=4690"}],"curies":[{"name":"wp","href":"https:\/\/api.w.org\/{rel}","templated":true}]}}