{"id":527,"date":"2014-06-24T10:01:53","date_gmt":"2014-06-24T08:01:53","guid":{"rendered":"https:\/\/www.weingut-steininger.at\/website\/?post_type=product&#038;p=527"},"modified":"2025-01-15T12:56:49","modified_gmt":"2025-01-15T10:56:49","slug":"gruener-veltliner-sekt-2016","status":"publish","type":"product","link":"https:\/\/www.weingut-steininger.at\/en\/online-vinothek\/weine\/gruener-veltliner-sekt-2016\/","title":{"rendered":"Gr\u00fcner Veltliner Reserve Sekt 2016"},"content":{"rendered":"<h1>Weinjahr 2016<\/h1>\n<p>Der trockene und warme Winter im Jahr 2016 verursachte einen fr\u00fchen <a href=\"https:\/\/www.oesterreichwein.at\/unser-wein\/weinglossar-von-a-z\/?tx_a21glossary%5Buid%5D=71&amp;cHash=37fdd0f00bd1fee6c5636a516f7ad7f3\">Austrieb<\/a> der Reben. Aufgrund des pl\u00f6tzlich eintretenden und massiven K\u00e4lteeinbruchs konnte man den schlimmen Frostsch\u00e4den nicht mehr entgegenwirken. H\u00f6her gelegene Rieden wurden besch\u00e4digt. W\u00e4hrend der Hauptlese herrschte eine relativ stabile Wetterperiode und man konnte ausgewogene, fruchttiefe und sortentypische Wei\u00dfweine erzielen.<\/p>\n<p>&nbsp;<\/p>\n<p>&nbsp;<\/p>\n<p>&nbsp;<\/p>\n<p>&nbsp;<\/p>\n","protected":false},"excerpt":{"rendered":"<p>Preis auf Anfrage: office@weingut-steininger.at<\/p>\n<p>&nbsp;<\/p>\n<p>Gr\u00fcner Veltliner Frucht und zarte Kr\u00e4uterw\u00fcrze in der Nase. Am Gaumen ein wundersch\u00f6nes Zusammenspiel von gr\u00fcnem Apfel, Zitrus und dem typischen wei\u00dfen Pfeffer. Langanhaltend, mit Cremigkeit und Tiefe \u2013 umspielt von einer feinen Perlage.<\/p>\n<p><strong>Guter Speisebegleiter zu:<\/strong><\/p>\n<ul>\n<li style=\"list-style-type: none;\">\n<ul>\n<li>traditionell \u00f6sterreichischer K\u00fcche<\/li>\n<li>allem Gebackenen<\/li>\n<li>asiatischer K\u00fcche (nicht zu scharf)<\/li>\n<\/ul>\n<\/li>\n<\/ul>\n<p>&nbsp;<\/p>\n<p>&nbsp;<\/p>\n<p><strong>WEIN GUIDE WEISS 2019<\/strong><br \/>\nausgezeichnet mit 5 von 5 Gl\u00e4sern<\/p>\n<p>Mittlere Schaumbildung perlt lange nach, aparter Duft nach Butterkeks, getrockneten Marillen und Datteln; cremiges feinperliges Mousseux, feine Steinobstnoten, saubere Frucht, extrakts\u00fc\u00df, hallt lange nach.<\/p>\n","protected":false},"featured_media":8462,"template":"","meta":{"_acf_changed":false},"product_brand":[],"product_cat":[729,362,303],"product_tag":[],"class_list":{"0":"post-527","1":"product","2":"type-product","3":"status-publish","4":"has-post-thumbnail","6":"product_cat-altweinkeller","7":"product_cat-gereifte-sekte","8":"product_cat-gereifte-weine-sekte","9":"product_shipping_class-allgemein","10":"pa_alkohol-13-5","11":"pa_gebinde-075-l","12":"pa_rebsorte-gv","13":"pa_restzucker-53-gl","14":"pa_saeure-38-gl","15":"description-off","17":"first","18":"outofstock","19":"taxable","20":"shipping-taxable","21":"product-type-simple"},"bundled_by":[],"bundle_stock_status":"outofstock","bundle_stock_quantity":null,"bundle_virtual":false,"bundle_layout":"","bundle_add_to_cart_form_location":"","bundle_editable_in_cart":false,"bundle_sold_individually_context":"","bundle_item_grouping":"","bundle_min_size":"","bundle_max_size":"","bundle_price":[],"bundled_items":[],"bundle_sell_ids":[],"acf":[],"_links":{"self":[{"href":"https:\/\/www.weingut-steininger.at\/en\/wp-json\/wp\/v2\/product\/527","targetHints":{"allow":["GET"]}}],"collection":[{"href":"https:\/\/www.weingut-steininger.at\/en\/wp-json\/wp\/v2\/product"}],"about":[{"href":"https:\/\/www.weingut-steininger.at\/en\/wp-json\/wp\/v2\/types\/product"}],"version-history":[{"count":2,"href":"https:\/\/www.weingut-steininger.at\/en\/wp-json\/wp\/v2\/product\/527\/revisions"}],"predecessor-version":[{"id":17608,"href":"https:\/\/www.weingut-steininger.at\/en\/wp-json\/wp\/v2\/product\/527\/revisions\/17608"}],"wp:featuredmedia":[{"embeddable":true,"href":"https:\/\/www.weingut-steininger.at\/en\/wp-json\/wp\/v2\/media\/8462"}],"wp:attachment":[{"href":"https:\/\/www.weingut-steininger.at\/en\/wp-json\/wp\/v2\/media?parent=527"}],"wp:term":[{"taxonomy":"product_brand","embeddable":true,"href":"https:\/\/www.weingut-steininger.at\/en\/wp-json\/wp\/v2\/product_brand?post=527"},{"taxonomy":"product_cat","embeddable":true,"href":"https:\/\/www.weingut-steininger.at\/en\/wp-json\/wp\/v2\/product_cat?post=527"},{"taxonomy":"product_tag","embeddable":true,"href":"https:\/\/www.weingut-steininger.at\/en\/wp-json\/wp\/v2\/product_tag?post=527"}],"curies":[{"name":"wp","href":"https:\/\/api.w.org\/{rel}","templated":true}]}}