{"id":5519,"date":"2020-01-22T10:14:32","date_gmt":"2020-01-22T08:14:32","guid":{"rendered":"https:\/\/www.weingut-steininger.at\/?post_type=product&#038;p=5519"},"modified":"2025-01-15T12:56:27","modified_gmt":"2025-01-15T10:56:27","slug":"gruener-veltliner-1995","status":"publish","type":"product","link":"https:\/\/www.weingut-steininger.at\/en\/online-vinothek\/weine\/gruener-veltliner-1995\/","title":{"rendered":"Gr\u00fcner Veltliner Langenlois 1995"},"content":{"rendered":"<h2><a name=\"_Toc17281796\"><\/a>Weinjahr 1995<\/h2>\n<p>Im Juli gab es eine <a href=\"https:\/\/www.oesterreichwein.at\/unser-wein\/weinglossar-von-a-z\/?tx_a21glossary%5Buid%5D=502&amp;cHash=f54e9fa9c9eed75d13a60e955f66a42b\">lang<\/a> anhaltende Hitzeperiode und gut verteilte Niederschl\u00e4ge. Im August hingegen setzten ung\u00fcnstige Witterungsverh\u00e4ltnisse ein, dies f\u00fchrte zu <a href=\"https:\/\/www.oesterreichwein.at\/unser-wein\/weinglossar-von-a-z\/?tx_a21glossary%5Buid%5D=599&amp;cHash=8cd61a2b81f534e7e906d1837b75bd49\">Oidium<\/a>-Probleme. Eine kalte und nasse Witterungsperiode in der ersten Septemberh\u00e4lfte war verantwortlich f\u00fcr verbreitete Traubenf\u00e4ulnisse.<\/p>\n<p>Die Zuckerwerte entwickelten sich trotzdem gut, nach langer Zeit gab es wieder gute S\u00e4urewerte. Anfang Oktober, nach ausreichender Prim\u00e4rinfektion mit Botrytis cinerea, setzte eine <a href=\"https:\/\/www.oesterreichwein.at\/unser-wein\/weinglossar-von-a-z\/?tx_a21glossary%5Buid%5D=873&amp;cHash=32beb48e5d9044204a82a50e6e6a5549\">trocken<\/a>-warme Periode ein. Die meist guten S\u00e4urewerte gaben den Weinen R\u00fcckgrat, sodass es in allen Gebieten Weine von recht guter <a href=\"https:\/\/www.oesterreichwein.at\/unser-wein\/weinglossar-von-a-z\/?tx_a21glossary%5Buid%5D=651&amp;cHash=6f0d86eaa8efe36a8f88d34d24b97c5d\">Qualit\u00e4t<\/a> gab. Der Jahrgang kann in Summe als ausgezeichneter Pr\u00e4dikatsweinjahrgang bezeichnet werden.<\/p>\n","protected":false},"excerpt":{"rendered":"<h4>12 % Vol. Alk., Landessieger, Salonauserw\u00e4hlter<\/h4>\n<p>Kostnotizen von Familie Steininger<\/p>\n<p>Dieser Wein war einer der gr\u00f6\u00dften Erfolge in unserem Hause Steininger. Er wurde nicht nur Landessieger, sondern auch Salonauserw\u00e4hlter. Nicht nur ein gro\u00dfer Wein in seiner Jugendzeit sondern auch heute ein m\u00e4chtiger Wein, der die Qualit\u00e4t h\u00e4lt. Er wirkt immer noch unheimlich beeindruckend in der Nase und hat wiesenkr\u00e4utrige Ankl\u00e4nge, ist dicht, lang, ohne dass der Alkohol sp\u00fcrbar wirkt. Sehr ausgewogen.<\/p>\n<h4>20+ von 20 Punkten<\/h4>\n<p>Preis auf Anfrage: office@weingut-steininger.at<\/p>\n","protected":false},"featured_media":3535,"template":"","meta":{"_acf_changed":false},"product_brand":[],"product_cat":[729,363,303],"product_tag":[],"class_list":{"0":"post-5519","1":"product","2":"type-product","3":"status-publish","4":"has-post-thumbnail","6":"product_cat-altweinkeller","7":"product_cat-gereifte-weine","8":"product_cat-gereifte-weine-sekte","9":"pa_alkohol-120-vol","10":"pa_jahrgang-343","11":"pa_rebsorte-gv","12":"description-off","14":"first","15":"instock","16":"taxable","17":"shipping-taxable","18":"product-type-simple"},"bundled_by":[],"bundle_stock_status":"instock","bundle_stock_quantity":null,"bundle_virtual":false,"bundle_layout":"","bundle_add_to_cart_form_location":"","bundle_editable_in_cart":false,"bundle_sold_individually_context":"","bundle_item_grouping":"","bundle_min_size":"","bundle_max_size":"","bundle_price":[],"bundled_items":[],"bundle_sell_ids":[],"acf":[],"_links":{"self":[{"href":"https:\/\/www.weingut-steininger.at\/en\/wp-json\/wp\/v2\/product\/5519","targetHints":{"allow":["GET"]}}],"collection":[{"href":"https:\/\/www.weingut-steininger.at\/en\/wp-json\/wp\/v2\/product"}],"about":[{"href":"https:\/\/www.weingut-steininger.at\/en\/wp-json\/wp\/v2\/types\/product"}],"version-history":[{"count":2,"href":"https:\/\/www.weingut-steininger.at\/en\/wp-json\/wp\/v2\/product\/5519\/revisions"}],"predecessor-version":[{"id":18417,"href":"https:\/\/www.weingut-steininger.at\/en\/wp-json\/wp\/v2\/product\/5519\/revisions\/18417"}],"wp:featuredmedia":[{"embeddable":true,"href":"https:\/\/www.weingut-steininger.at\/en\/wp-json\/wp\/v2\/media\/3535"}],"wp:attachment":[{"href":"https:\/\/www.weingut-steininger.at\/en\/wp-json\/wp\/v2\/media?parent=5519"}],"wp:term":[{"taxonomy":"product_brand","embeddable":true,"href":"https:\/\/www.weingut-steininger.at\/en\/wp-json\/wp\/v2\/product_brand?post=5519"},{"taxonomy":"product_cat","embeddable":true,"href":"https:\/\/www.weingut-steininger.at\/en\/wp-json\/wp\/v2\/product_cat?post=5519"},{"taxonomy":"product_tag","embeddable":true,"href":"https:\/\/www.weingut-steininger.at\/en\/wp-json\/wp\/v2\/product_tag?post=5519"}],"curies":[{"name":"wp","href":"https:\/\/api.w.org\/{rel}","templated":true}]}}