{"id":5750,"date":"2020-03-02T14:20:02","date_gmt":"2020-03-02T12:20:02","guid":{"rendered":"https:\/\/www.weingut-steininger.at\/?post_type=product&#038;p=5750"},"modified":"2025-01-15T12:56:02","modified_gmt":"2025-01-15T10:56:02","slug":"burgunder-sekt-2012","status":"publish","type":"product","link":"https:\/\/www.weingut-steininger.at\/en\/online-vinothek\/weine\/burgunder-sekt-2012\/","title":{"rendered":"Burgunder Sekt 2012"},"content":{"rendered":"<h2><a name=\"_Toc536770144\"><\/a>Weinjahr 2012<\/h2>\n<p>Nach einem an sich ruhigen und warmen Fr\u00fchlingsbeginn, der zu einem fr\u00fchen <a href=\"https:\/\/www.oesterreichwein.at\/unser-wein\/weinglossar-von-a-z\/?tx_a21glossary%5Buid%5D=71&amp;cHash=37fdd0f00bd1fee6c5636a516f7ad7f3\">Austrieb<\/a> der Reben f\u00fchrte, gab es in der Nacht vom 17. auf den 18. Mai 2012 Sp\u00e4tfrost, welcher f\u00fcr verheerende Frostsch\u00e4den und Ernteeinbu\u00dfen sorgte. Der weitere Fr\u00fchling verlief dann wieder sehr ruhig und sonnig, wobei die ersten Temperaturspitzen mit bis zu 38 Grad bereits in der letzten Juniwoche auftraten. Im Juli gab es eine <a href=\"https:\/\/www.oesterreichwein.at\/unser-wein\/weinglossar-von-a-z\/?tx_a21glossary%5Buid%5D=704&amp;cHash=53d89302dac4b3f8b78c552d604d793e\">rund<\/a> zehn Tage andauernde k\u00fchle Periode, die zum Teil auch \u00fcberraschend hohe Regenmengen brachte. Der Rest des Sommers sowie der Herbst verliefen trocken. Im Gro\u00dfen und Ganzen zeigen sich die Weine sehr ausgewogen und harmonisch.<\/p>\n","protected":false},"excerpt":{"rendered":"<p><strong>Kostnotizen von Thomas Werani<\/strong><\/p>\n<p>Hochelegant, Melone, Honig; Eleganz setzt sich am Gaumen fort, fein vibrierende S\u00e4ure, konterkariert wundersch\u00f6n den Zucker; hallt samtig nach; hier war die feine Klinge am Werk.<\/p>\n<p>Preis auf Anfrage: office@weingut-steininger.at<\/p>\n","protected":false},"featured_media":3519,"template":"","meta":{"_acf_changed":false},"product_brand":[],"product_cat":[729,362,303],"product_tag":[],"class_list":{"0":"post-5750","1":"product","2":"type-product","3":"status-publish","4":"has-post-thumbnail","6":"product_cat-altweinkeller","7":"product_cat-gereifte-sekte","8":"product_cat-gereifte-weine-sekte","9":"pa_gebinde-075-l","10":"pa_jahrgang-326","11":"pa_rebsorte-chardonnay","12":"pa_rebsorte-pinotnoir","13":"pa_rebsorte-weissburgunder","14":"description-off","16":"first","17":"instock","18":"taxable","19":"shipping-taxable","20":"product-type-simple"},"bundled_by":[],"bundle_stock_status":"instock","bundle_stock_quantity":null,"bundle_virtual":false,"bundle_layout":"","bundle_add_to_cart_form_location":"","bundle_editable_in_cart":false,"bundle_sold_individually_context":"","bundle_item_grouping":"","bundle_min_size":"","bundle_max_size":"","bundle_price":[],"bundled_items":[],"bundle_sell_ids":[],"acf":[],"_links":{"self":[{"href":"https:\/\/www.weingut-steininger.at\/en\/wp-json\/wp\/v2\/product\/5750","targetHints":{"allow":["GET"]}}],"collection":[{"href":"https:\/\/www.weingut-steininger.at\/en\/wp-json\/wp\/v2\/product"}],"about":[{"href":"https:\/\/www.weingut-steininger.at\/en\/wp-json\/wp\/v2\/types\/product"}],"version-history":[{"count":2,"href":"https:\/\/www.weingut-steininger.at\/en\/wp-json\/wp\/v2\/product\/5750\/revisions"}],"predecessor-version":[{"id":18607,"href":"https:\/\/www.weingut-steininger.at\/en\/wp-json\/wp\/v2\/product\/5750\/revisions\/18607"}],"wp:featuredmedia":[{"embeddable":true,"href":"https:\/\/www.weingut-steininger.at\/en\/wp-json\/wp\/v2\/media\/3519"}],"wp:attachment":[{"href":"https:\/\/www.weingut-steininger.at\/en\/wp-json\/wp\/v2\/media?parent=5750"}],"wp:term":[{"taxonomy":"product_brand","embeddable":true,"href":"https:\/\/www.weingut-steininger.at\/en\/wp-json\/wp\/v2\/product_brand?post=5750"},{"taxonomy":"product_cat","embeddable":true,"href":"https:\/\/www.weingut-steininger.at\/en\/wp-json\/wp\/v2\/product_cat?post=5750"},{"taxonomy":"product_tag","embeddable":true,"href":"https:\/\/www.weingut-steininger.at\/en\/wp-json\/wp\/v2\/product_tag?post=5750"}],"curies":[{"name":"wp","href":"https:\/\/api.w.org\/{rel}","templated":true}]}}