{"id":6693,"date":"2020-07-13T15:33:57","date_gmt":"2020-07-13T13:33:57","guid":{"rendered":"https:\/\/www.weingut-steininger.at\/?post_type=product&#038;p=6693"},"modified":"2025-01-15T12:55:56","modified_gmt":"2025-01-15T10:55:56","slug":"zweigelt-sekt-2009","status":"publish","type":"product","link":"https:\/\/www.weingut-steininger.at\/en\/online-vinothek\/weine\/zweigelt-sekt-2009\/","title":{"rendered":"Zweigelt Sekt 2009"},"content":{"rendered":"<h2><a name=\"_Toc536770046\"><\/a>Weinjahr 2009<\/h2>\n<p>Der Winter war eher durchschnittlich. An Feuchtigkeit mangelte es im Fr\u00fchjahr nicht. Es war der feuchteste M\u00e4rz seit es meteorologische Aufzeichnungen gibt. Hagel verursachte erstmals in einigen Gebieten einen ungewollten Ausd\u00fcnnungs-Effekt. Die Witterung im Herbst zeigte sich von ihrer sch\u00f6nsten Seite. Der \u201eAltweibersommer\u201c lie\u00df den Saft in den Beeren auf nat\u00fcrliche Weise <a href=\"https:\/\/www.oesterreichwein.at\/unser-wein\/weinglossar-von-a-z\/?tx_a21glossary%5Buid%5D=474&amp;cHash=45520ee7d0f9a0553f6311cbe140a6ff\">konzentrieren<\/a> und die Zuckereinlagerung war enorm.<\/p>\n<p>Hei\u00dfe Tage und k\u00fchle N\u00e4chte schafften es, dass bei \u00d6sterreichs Paradesorten die charakteristischen Aromen in den Beeren bewahrt wurden.<\/p>\n","protected":false},"excerpt":{"rendered":"<h4>&nbsp;<\/h4>\n<p>Preis auf Anfrage: office@weingut-steininger.at<\/p>\n","protected":false},"featured_media":3671,"template":"","meta":{"_acf_changed":false},"product_brand":[],"product_cat":[729,362,303],"product_tag":[],"class_list":{"0":"post-6693","1":"product","2":"type-product","3":"status-publish","4":"has-post-thumbnail","6":"product_cat-altweinkeller","7":"product_cat-gereifte-sekte","8":"product_cat-gereifte-weine-sekte","9":"pa_gebinde-075-l","10":"pa_jahrgang-323","11":"pa_rebsorte-zweigelt","12":"description-off","14":"first","15":"instock","16":"taxable","17":"shipping-taxable","18":"product-type-simple"},"bundled_by":[],"bundle_stock_status":"instock","bundle_stock_quantity":null,"bundle_virtual":false,"bundle_layout":"","bundle_add_to_cart_form_location":"","bundle_editable_in_cart":false,"bundle_sold_individually_context":"","bundle_item_grouping":"","bundle_min_size":"","bundle_max_size":"","bundle_price":[],"bundled_items":[],"bundle_sell_ids":[],"acf":[],"_links":{"self":[{"href":"https:\/\/www.weingut-steininger.at\/en\/wp-json\/wp\/v2\/product\/6693","targetHints":{"allow":["GET"]}}],"collection":[{"href":"https:\/\/www.weingut-steininger.at\/en\/wp-json\/wp\/v2\/product"}],"about":[{"href":"https:\/\/www.weingut-steininger.at\/en\/wp-json\/wp\/v2\/types\/product"}],"version-history":[{"count":2,"href":"https:\/\/www.weingut-steininger.at\/en\/wp-json\/wp\/v2\/product\/6693\/revisions"}],"predecessor-version":[{"id":18716,"href":"https:\/\/www.weingut-steininger.at\/en\/wp-json\/wp\/v2\/product\/6693\/revisions\/18716"}],"wp:featuredmedia":[{"embeddable":true,"href":"https:\/\/www.weingut-steininger.at\/en\/wp-json\/wp\/v2\/media\/3671"}],"wp:attachment":[{"href":"https:\/\/www.weingut-steininger.at\/en\/wp-json\/wp\/v2\/media?parent=6693"}],"wp:term":[{"taxonomy":"product_brand","embeddable":true,"href":"https:\/\/www.weingut-steininger.at\/en\/wp-json\/wp\/v2\/product_brand?post=6693"},{"taxonomy":"product_cat","embeddable":true,"href":"https:\/\/www.weingut-steininger.at\/en\/wp-json\/wp\/v2\/product_cat?post=6693"},{"taxonomy":"product_tag","embeddable":true,"href":"https:\/\/www.weingut-steininger.at\/en\/wp-json\/wp\/v2\/product_tag?post=6693"}],"curies":[{"name":"wp","href":"https:\/\/api.w.org\/{rel}","templated":true}]}}